{"id":344,"date":"2018-04-03T07:06:47","date_gmt":"2018-04-03T07:06:47","guid":{"rendered":"http:\/\/wp\/portfolio-light\/?page_id=344"},"modified":"2024-11-06T16:05:58","modified_gmt":"2024-11-06T21:05:58","slug":"eventos","status":"publish","type":"page","link":"https:\/\/ccec.com.ec\/en\/eventos\/","title":{"rendered":"Events"},"content":{"rendered":"<div id='av_section_1' class='avia-section main_color avia-section-default avia-no-border-styling avia-full-stretch av-section-color-overlay-active avia-bg-style-scroll  avia-builder-el-0  el_before_av_section  avia-builder-el-first    av-minimum-height av-minimum-height-custom container_wrap fullsize' style='background-repeat: no-repeat; background-image: url(https:\/\/ccec.com.ec\/wp-content\/uploads\/2023\/08\/FONDO-EVENTOS-3-OPTIMIZADO-scaled.jpg);background-attachment: scroll; background-position: center center;  '  data-section-bg-repeat='stretch'><div class='av-section-color-overlay-wrap'><div class='av-section-color-overlay' style='opacity: 0.6; '><\/div><div class='container' style='height:500px'><main  role=\"main\" itemprop=\"mainContentOfPage\"  class='template-page content  av-content-full alpha units'><div class='post-entry post-entry-type-page post-entry-344'><div class='entry-content-wrapper clearfix'>\n<\/div><\/div><\/main><!-- close content main element --><\/div><\/div><\/div><div id='av_section_2' class='avia-section main_color avia-section-default avia-no-border-styling avia-bg-style-scroll  avia-builder-el-1  el_after_av_section  el_before_av_one_third   container_wrap fullsize' style=' '  ><div class='container' ><div class='template-page content  av-content-full alpha units'><div class='post-entry post-entry-type-page post-entry-344'><div class='entry-content-wrapper clearfix'>\n<div class=\"flex_column av_one_half  flex_column_div av-zero-column-padding first  avia-builder-el-2  el_before_av_one_half  avia-builder-el-first\" style='border-radius:0px; '><div  data-size='1536x1536'  data-lightbox_size='large'  data-animation='slide'  data-conditional_play=''  data-ids='3233,3235,3234,3236,3237,3238,3239,3240,3241'  data-video_counter='0'  data-autoplay='true'  data-bg_slider='false'  data-slide_height=''  data-handle='av_slideshow'  data-interval='5'  data-class=' avia-builder-el-3  avia-builder-el-no-sibling   '  data-css_id=''  data-scroll_down=''  data-control_layout='av-control-default'  data-custom_markup=''  data-perma_caption=''  data-autoplay_stopper=''  data-image_attachment=''  data-min_height='0px'  data-default-height='100'  class='avia-slideshow avia-slideshow-1  av-control-default av-default-height-applied avia-slideshow-1536x1536 av_slideshow  avia-builder-el-3  avia-builder-el-no-sibling    avia-slide-slider'  itemprop=\"image\" itemscope=\"itemscope\" itemtype=\"https:\/\/schema.org\/ImageObject\" ><ul class='avia-slideshow-inner' style='padding-bottom: 100%;' ><li  class='slide-1' ><div data-rel='slideshow-1' class='avia-slide-wrap'   ><img src='https:\/\/ccec.com.ec\/wp-content\/uploads\/2024\/10\/Thanksgiving-Cocktail-2024-3.png' width='1080' height='1080' title='Thanksgiving Cocktail 2024 (3)' alt=''  itemprop=\"thumbnailUrl\"   \/><\/div><\/li><li  class='slide-2' ><div data-rel='slideshow-1' class='avia-slide-wrap'   ><img src='https:\/\/ccec.com.ec\/wp-content\/uploads\/2024\/10\/Thanksgiving-Cocktail-2024-10.png' width='1080' height='1080' title='Thanksgiving Cocktail 2024 (10)' alt=''  itemprop=\"thumbnailUrl\"   \/><\/div><\/li><li  class='slide-3' ><div data-rel='slideshow-1' class='avia-slide-wrap'   ><img src='https:\/\/ccec.com.ec\/wp-content\/uploads\/2024\/10\/Thanksgiving-Cocktail-2024-19.png' width='1080' height='1080' title='Thanksgiving Cocktail 2024 (19)' alt=''  itemprop=\"thumbnailUrl\"   \/><\/div><\/li><li  class='slide-4' ><div data-rel='slideshow-1' class='avia-slide-wrap'   ><img src='https:\/\/ccec.com.ec\/wp-content\/uploads\/2024\/10\/Thanksgiving-Cocktail-2024-11.png' width='1080' height='1080' title='Thanksgiving Cocktail 2024 (11)' alt=''  itemprop=\"thumbnailUrl\"   \/><\/div><\/li><li  class='slide-5' ><div data-rel='slideshow-1' class='avia-slide-wrap'   ><img src='https:\/\/ccec.com.ec\/wp-content\/uploads\/2024\/10\/Thanksgiving-Cocktail-2024-13.png' width='1080' height='1080' title='Thanksgiving Cocktail 2024 (13)' alt=''  itemprop=\"thumbnailUrl\"   \/><\/div><\/li><li  class='slide-6' ><div data-rel='slideshow-1' class='avia-slide-wrap'   ><img src='https:\/\/ccec.com.ec\/wp-content\/uploads\/2024\/10\/Thanksgiving-Cocktail-2024-16.png' width='1080' height='1080' title='Thanksgiving Cocktail 2024 (16)' alt=''  itemprop=\"thumbnailUrl\"   \/><\/div><\/li><li  class='slide-7' ><div data-rel='slideshow-1' class='avia-slide-wrap'   ><img src='https:\/\/ccec.com.ec\/wp-content\/uploads\/2024\/10\/Thanksgiving-Cocktail-2024-17.png' width='1080' height='1080' title='Thanksgiving Cocktail 2024 (17)' alt=''  itemprop=\"thumbnailUrl\"   \/><\/div><\/li><li  class='slide-8' ><div data-rel='slideshow-1' class='avia-slide-wrap'   ><img src='https:\/\/ccec.com.ec\/wp-content\/uploads\/2024\/10\/Thanksgiving-Cocktail-2024-18.png' width='1080' height='1080' title='Thanksgiving Cocktail 2024 (18)' alt=''  itemprop=\"thumbnailUrl\"   \/><\/div><\/li><li  class='slide-9' ><div data-rel='slideshow-1' class='avia-slide-wrap'   ><img src='https:\/\/ccec.com.ec\/wp-content\/uploads\/2024\/10\/Thanksgiving-Cocktail-2024-7.png' width='1080' height='1080' title='Thanksgiving Cocktail 2024 (7)' alt=''  itemprop=\"thumbnailUrl\"   \/><\/div><\/li><\/ul><div class='avia-slideshow-arrows avia-slideshow-controls'><a href='#prev' class='prev-slide' aria-hidden='true' data-av_icon='\ue87c' data-av_iconfont='entypo-fontello'>Previous<\/a><a href='#next' class='next-slide' aria-hidden='true' data-av_icon='\ue87d' data-av_iconfont='entypo-fontello'>Next<\/a><\/div><div class='avia-slideshow-dots avia-slideshow-controls'><a href='#1' class='goto-slide active' >1<\/a><a href='#2' class='goto-slide' >2<\/a><a href='#3' class='goto-slide' >3<\/a><a href='#4' class='goto-slide' >4<\/a><a href='#5' class='goto-slide' >5<\/a><a href='#6' class='goto-slide' >6<\/a><a href='#7' class='goto-slide' >7<\/a><a href='#8' class='goto-slide' >8<\/a><a href='#9' class='goto-slide' >9<\/a><\/div><\/div><\/div><div class=\"flex_column av_one_half  flex_column_div av-zero-column-padding   avia-builder-el-4  el_after_av_one_half  el_before_av_heading\" style='border-radius:0px; '><div style='padding-bottom:10px; ' class='av-special-heading av-special-heading-h1    avia-builder-el-5  el_before_av_textblock  avia-builder-el-first'><h1 class='av-special-heading-tag'  itemprop=\"headline\"  >Thanksgiving Cocktail 2024<\/h1><div class='special-heading-border'><div class='special-heading-inner-border' ><\/div><\/div><\/div><br \/>\n<section class=\"av_textblock_section\"  itemscope=\"itemscope\" itemtype=\"https:\/\/schema.org\/CreativeWork\" ><div class='avia_textblock'   itemprop=\"text\" ><p class=\"cvGsUA direction-ltr align-justify para-style-body\">El pasado jueves 24 de octubre, la C\u00e1mara de Comercio Ecuatoriano Canadiense con el apoyo de la Embajada de Canad\u00e1 en Ecuador llevaron a cabo el \u00abThanksgiving Cocktail\u00bb. Este evento tuvo como objetivo fortalecer los v\u00ednculos entre Ecuador y Canad\u00e1, creando un espacio para el di\u00e1logo y el intercambio de ideas en un ambiente distendido y acogedor.<\/p>\n<p>Bienvenida especial de los equipos negociadores de Ecuador y Canad\u00e1, responsables del Tratado de Libre Comercio (TLC) entre ambos pa\u00edses.<\/p>\n<p class=\"cvGsUA direction-ltr align-justify para-style-body\"><span class=\"OYPEnA text-decoration-none text-strikethrough-none\">La ceremonia cont\u00f3 con la colaboraci\u00f3n de sus auspiciantes: Monol\u00edtica, Air Canada, Petrolia &#8211; NSE, Moderna Alimentos, AVL Abogados y Solines &#038; Asociados Abogados<\/span><\/p>\n<\/div><\/section><br \/>\n<div class='avia-button-wrap avia-button-center  avia-builder-el-7  el_after_av_textblock  avia-builder-el-last'><a href='https:\/\/ccec.com.ec\/en\/2024\/10\/28\/thanksgiving-cocktail-2024\/'  class='avia-button   avia-icon_select-yes-left-icon avia-color-theme-color avia-size-small avia-position-center'   ><span class='avia_button_icon avia_button_icon_left' aria-hidden='true' data-av_icon='\ue816' data-av_iconfont='entypo-fontello'><\/span><span class='avia_iconbox_title' >Leer m\u00e1s<\/span><\/a><\/div><\/div><div style='padding-bottom:10px; ' class='av-special-heading av-special-heading-h1    avia-builder-el-8  el_after_av_one_half  el_before_av_heading'><h1 class='av-special-heading-tag'  itemprop=\"headline\"  >\u00daltimos eventos<\/h1><div class='special-heading-border'><div class='special-heading-inner-border' ><\/div><\/div><\/div>\n<div style='padding-bottom:10px; ' class='av-special-heading av-special-heading-h2    avia-builder-el-9  el_after_av_heading  el_before_av_one_third'><h2 class='av-special-heading-tag'  itemprop=\"headline\"  >2024<\/h2><div class='special-heading-border'><div class='special-heading-inner-border' ><\/div><\/div><\/div>\n<div class=\"flex_column av_one_third  flex_column_div av-zero-column-padding first  avia-builder-el-10  el_after_av_heading  el_before_av_one_third\" style='border-radius:0px; '><div class='avia-image-container  av-styling-    avia-builder-el-11  el_before_av_heading  avia-builder-el-first   avia-align-center'  itemprop=\"image\" itemscope=\"itemscope\" itemtype=\"https:\/\/schema.org\/ImageObject\"  ><div class='avia-image-container-inner'><div class='avia-image-overlay-wrap'><a href='https:\/\/ccec.com.ec\/en\/2024\/10\/28\/thanksgiving-cocktail-2024\/' class='avia_image'  ><img class='avia_image' src='https:\/\/ccec.com.ec\/wp-content\/uploads\/2024\/10\/Thanksgiving-Cocktail-2024-24-300x300.png' alt='' title='Thanksgiving Cocktail 2024 (24)'  itemprop=\"thumbnailUrl\"  \/><\/a><\/div><\/div><\/div><br \/>\n<div style='padding-bottom:10px; ' class='av-special-heading av-special-heading-h3    avia-builder-el-12  el_after_av_image  avia-builder-el-last'><h3 class='av-special-heading-tag'  itemprop=\"headline\"  >Thanksgiving Cocktail 2024<\/h3><div class='special-heading-border'><div class='special-heading-inner-border' ><\/div><\/div><\/div><\/div><div class=\"flex_column av_one_third  flex_column_div av-zero-column-padding   avia-builder-el-13  el_after_av_one_third  el_before_av_one_third\" style='border-radius:0px; '><div class='avia-image-container  av-styling-    avia-builder-el-14  el_before_av_heading  avia-builder-el-first  https:\/\/ccec.com.ec\/2024\/10\/30\/mesa-redonda-tlc-ecuador-canada\/ avia-align-center'  itemprop=\"image\" itemscope=\"itemscope\" itemtype=\"https:\/\/schema.org\/ImageObject\"  ><div class='avia-image-container-inner'><div class='avia-image-overlay-wrap'><a href='https:\/\/ccec.com.ec\/en\/2024\/10\/30\/mesa-redonda-tlc-ecuador-canada\/' class='avia_image'  ><img class='avia_image' src='https:\/\/ccec.com.ec\/wp-content\/uploads\/2024\/10\/WhatsApp-Image-2024-10-30-at-14.48.00-3.jpeg' alt='' title='WhatsApp Image 2024-10-30 at 14.48.00'  itemprop=\"thumbnailUrl\"  \/><\/a><\/div><\/div><\/div><br \/>\n<div style='padding-bottom:10px; ' class='av-special-heading av-special-heading-h3    avia-builder-el-15  el_after_av_image  avia-builder-el-last'><h3 class='av-special-heading-tag'  itemprop=\"headline\"  >Mesa Redonda TLC Ecuador &#8211; Canad\u00e1<\/h3><div class='special-heading-border'><div class='special-heading-inner-border' ><\/div><\/div><\/div><\/div><div class=\"flex_column av_one_third  flex_column_div av-zero-column-padding   avia-builder-el-16  el_after_av_one_third  el_before_av_one_third\" style='border-radius:0px; '><div class='avia-image-container  av-styling-    avia-builder-el-17  el_before_av_heading  avia-builder-el-first   avia-align-center'  itemprop=\"image\" itemscope=\"itemscope\" itemtype=\"https:\/\/schema.org\/ImageObject\"  ><div class='avia-image-container-inner'><div class='avia-image-overlay-wrap'><a href='https:\/\/ccec.com.ec\/en\/2024\/09\/18\/educando-para-el-futuro-v-aprendizaje-autentico-en-la-era-digital\/' class='avia_image'  ><img class='avia_image' src='https:\/\/ccec.com.ec\/wp-content\/uploads\/2024\/09\/Inscripciones-1-300x300.png' alt='' title='Inscripciones (1)'  itemprop=\"thumbnailUrl\"  \/><\/a><\/div><\/div><\/div><br \/>\n<div style='padding-bottom:10px; ' class='av-special-heading av-special-heading-h3    avia-builder-el-18  el_after_av_image  avia-builder-el-last'><h3 class='av-special-heading-tag'  itemprop=\"headline\"  >Educando para el Futuro V: \u00abAprendizaje Aut\u00e9ntico en la Era Digital\u00bb<\/h3><div class='special-heading-border'><div class='special-heading-inner-border' ><\/div><\/div><\/div><\/div><div class=\"flex_column av_one_third  flex_column_div av-zero-column-padding first  avia-builder-el-19  el_after_av_one_third  el_before_av_one_third  column-top-margin\" style='border-radius:0px; '><div class='avia-image-container  av-styling-    avia-builder-el-20  el_before_av_heading  avia-builder-el-first   avia-align-center'  itemprop=\"image\" itemscope=\"itemscope\" itemtype=\"https:\/\/schema.org\/ImageObject\"  ><div class='avia-image-container-inner'><div class='avia-image-overlay-wrap'><a href='https:\/\/ccec.com.ec\/en\/2024\/10\/07\/conferencia-dialogo-ambiental-ecuador-canada-vision-y-buenas-practicas-%e2%9c%a8%f0%9f%8c%8d\/' class='avia_image'  ><img class='avia_image' src='https:\/\/ccec.com.ec\/wp-content\/uploads\/2024\/10\/6-300x300.png' alt='' title='6'  itemprop=\"thumbnailUrl\"  \/><\/a><\/div><\/div><\/div><br \/>\n<div style='padding-bottom:10px; ' class='av-special-heading av-special-heading-h3    avia-builder-el-21  el_after_av_image  avia-builder-el-last'><h3 class='av-special-heading-tag'  itemprop=\"headline\"  > Conferencia \u00abDi\u00e1logo Ambiental Ecuador-Canad\u00e1: Visi\u00f3n y Buenas Pr\u00e1cticas\u00bb<\/h3><div class='special-heading-border'><div class='special-heading-inner-border' ><\/div><\/div><\/div><\/div><div class=\"flex_column av_one_third  flex_column_div av-zero-column-padding   avia-builder-el-22  el_after_av_one_third  el_before_av_one_third  column-top-margin\" style='border-radius:0px; '><div class='avia-image-container  av-styling-    avia-builder-el-23  el_before_av_heading  avia-builder-el-first   avia-align-center'  itemprop=\"image\" itemscope=\"itemscope\" itemtype=\"https:\/\/schema.org\/ImageObject\"  ><div class='avia-image-container-inner'><div class='avia-image-overlay-wrap'><a href='https:\/\/ccec.com.ec\/en\/2024\/09\/18\/despedida-al-jefe-comercial-de-la-embajada-de-canada-en-ecuador\/' class='avia_image'  ><img class='avia_image' src='https:\/\/ccec.com.ec\/wp-content\/uploads\/2024\/09\/WhatsApp-Image-2024-09-18-at-15.20.51-209x300.jpeg' alt='' title='WhatsApp Image 2024-09-18 at 15.20.51'  itemprop=\"thumbnailUrl\"  \/><\/a><\/div><\/div><\/div><br \/>\n<div style='padding-bottom:10px; ' class='av-special-heading av-special-heading-h3    avia-builder-el-24  el_after_av_image  avia-builder-el-last'><h3 class='av-special-heading-tag'  itemprop=\"headline\"  >Despedida al Jefe Comercial de la Embajada de Canad\u00e1 en Ecuador<\/h3><div class='special-heading-border'><div class='special-heading-inner-border' ><\/div><\/div><\/div><\/div><div class=\"flex_column av_one_third  flex_column_div av-zero-column-padding   avia-builder-el-25  el_after_av_one_third  el_before_av_one_third  column-top-margin\" style='border-radius:0px; '><div class='avia-image-container  av-styling-    avia-builder-el-26  el_before_av_heading  avia-builder-el-first   avia-align-center'  itemprop=\"image\" itemscope=\"itemscope\" itemtype=\"https:\/\/schema.org\/ImageObject\"  ><div class='avia-image-container-inner'><div class='avia-image-overlay-wrap'><a href='https:\/\/ccec.com.ec\/en\/2024\/06\/28\/canada-day-stampede-breakfast-2024%f0%9f%8d%81\/' class='avia_image'   target=\"_blank\" ><img class='avia_image' src='https:\/\/ccec.com.ec\/wp-content\/uploads\/2024\/06\/Newsletter-N38-copia-288x300.png' alt='' title='Newsletter N38 - copia'  itemprop=\"thumbnailUrl\"  \/><\/a><\/div><\/div><\/div><br \/>\n<div style='padding-bottom:10px; ' class='av-special-heading av-special-heading-h3    avia-builder-el-27  el_after_av_image  avia-builder-el-last'><h3 class='av-special-heading-tag'  itemprop=\"headline\"  >Canada Day &#8211; Stampede Breakfast 2024<\/h3><div class='special-heading-border'><div class='special-heading-inner-border' ><\/div><\/div><\/div><\/div><div class=\"flex_column av_one_third  flex_column_div av-zero-column-padding first  avia-builder-el-28  el_after_av_one_third  el_before_av_one_third  column-top-margin\" style='border-radius:0px; '><div class='avia-image-container avia_animated_image avia_animate_when_almost_visible left-to-right av-styling-    avia-builder-el-29  el_before_av_heading  avia-builder-el-first   avia-align-center'  itemprop=\"image\" itemscope=\"itemscope\" itemtype=\"https:\/\/schema.org\/ImageObject\"  ><div class='avia-image-container-inner'><div class='avia-image-overlay-wrap'><a href='https:\/\/ccec.com.ec\/en\/2024\/07\/08\/nuevo-marco-regulatorio-para-las-inversiones-a-traves-de-asociaciones-publico-privadas-en-ecuador\/' class='avia_image'  ><img class='avia_image' src='https:\/\/ccec.com.ec\/wp-content\/uploads\/2024\/07\/435729473_867906438710730_7688661807453439005_n-300x300.jpg' alt='' title='435729473_867906438710730_7688661807453439005_n'  itemprop=\"thumbnailUrl\"  \/><\/a><\/div><\/div><\/div><br \/>\n<div style='padding-bottom:10px; ' class='av-special-heading av-special-heading-h4    avia-builder-el-30  el_after_av_image  avia-builder-el-last'><h4 class='av-special-heading-tag'  itemprop=\"headline\"  >Nuevo Marco Regulatorio para las Inversiones a trav\u00e9s de Asociaciones P\u00fablico-Privadas en Ecuador<\/h4><div class='special-heading-border'><div class='special-heading-inner-border' ><\/div><\/div><\/div><\/div><div class=\"flex_column av_one_third  flex_column_div av-zero-column-padding   avia-builder-el-31  el_after_av_one_third  el_before_av_heading  column-top-margin\" style='border-radius:0px; '><div class='avia-image-container avia_animated_image avia_animate_when_almost_visible left-to-right av-styling-    avia-builder-el-32  el_before_av_heading  avia-builder-el-first   avia-align-center'  itemprop=\"image\" itemscope=\"itemscope\" itemtype=\"https:\/\/schema.org\/ImageObject\"  ><div class='avia-image-container-inner'><div class='avia-image-overlay-wrap'><a href='https:\/\/ccec.com.ec\/en\/2024\/09\/18\/ecuador-y-canada-comercio-con-imp%d0%b0%d1%81%d1%82%d0%be-mujeres-liderando-fortalezas-locales-y-tendencias-internacionales\/' class='avia_image'  ><img class='avia_image' src='https:\/\/ccec.com.ec\/wp-content\/uploads\/2024\/07\/428641073_835811058586935_4085687616471480190_n-300x300.jpg' alt='' title='428641073_835811058586935_4085687616471480190_n'  itemprop=\"thumbnailUrl\"  \/><\/a><\/div><\/div><\/div><br \/>\n<div style='padding-bottom:10px; ' class='av-special-heading av-special-heading-h4    avia-builder-el-33  el_after_av_image  avia-builder-el-last'><h4 class='av-special-heading-tag'  itemprop=\"headline\"  >ECUADOR Y CANAD\u00c1 COMERCIO CON IMPACTO:  Mujeres Liderando, Fortalezas Locales y Tendencias Internacionales<\/h4><div class='special-heading-border'><div class='special-heading-inner-border' ><\/div><\/div><\/div><\/div><div style='padding-bottom:10px; ' class='av-special-heading av-special-heading-h2    avia-builder-el-34  el_after_av_one_third  el_before_av_one_third'><h2 class='av-special-heading-tag'  itemprop=\"headline\"  >2023<\/h2><div class='special-heading-border'><div class='special-heading-inner-border' ><\/div><\/div><\/div>\n<div class=\"flex_column av_one_third  flex_column_div av-zero-column-padding first  avia-builder-el-35  el_after_av_heading  el_before_av_one_third\" style='border-radius:0px; '><div class='avia-image-container  av-styling-    avia-builder-el-36  el_before_av_heading  avia-builder-el-first   avia-align-center'  itemprop=\"image\" itemscope=\"itemscope\" itemtype=\"https:\/\/schema.org\/ImageObject\"  ><div class='avia-image-container-inner'><div class='avia-image-overlay-wrap'><a href='https:\/\/ccec.com.ec\/en\/2023\/11\/13\/thanksgiving-cocktail-2023\/' class='avia_image'  ><img class='avia_image' src='https:\/\/ccec.com.ec\/wp-content\/uploads\/2023\/11\/WhatsApp-Image-2023-11-13-at-17.29.02-300x190.jpeg' alt='' title='WhatsApp-Image-2023-11-13-at-17.29.02'  itemprop=\"thumbnailUrl\"  \/><\/a><\/div><\/div><\/div><br \/>\n<div style='padding-bottom:10px; ' class='av-special-heading av-special-heading-h3    avia-builder-el-37  el_after_av_image  avia-builder-el-last'><h3 class='av-special-heading-tag'  itemprop=\"headline\"  >Thanksgiving Cocktail 2023<\/h3><div class='special-heading-border'><div class='special-heading-inner-border' ><\/div><\/div><\/div><\/div><div class=\"flex_column av_one_third  flex_column_div av-zero-column-padding   avia-builder-el-38  el_after_av_one_third  el_before_av_one_third\" style='border-radius:0px; '><div class='avia-image-container  av-styling-    avia-builder-el-39  el_before_av_heading  avia-builder-el-first   avia-align-center'  itemprop=\"image\" itemscope=\"itemscope\" itemtype=\"https:\/\/schema.org\/ImageObject\"  ><div class='avia-image-container-inner'><div class='avia-image-overlay-wrap'><a href='http:\/\/ccec.com.ec\/en\/2023\/11\/29\/3022\/' class='avia_image'  ><img class='avia_image' src='https:\/\/ccec.com.ec\/wp-content\/uploads\/2023\/11\/image-300x119.png' alt='' title='image'  itemprop=\"thumbnailUrl\"  \/><\/a><\/div><\/div><\/div><br \/>\n<div style='padding-bottom:10px; ' class='av-special-heading av-special-heading-h3    avia-builder-el-40  el_after_av_image  avia-builder-el-last'><h3 class='av-special-heading-tag'  itemprop=\"headline\"  >Descuentos en Air Canada para socios de la C\u00e1mara de Comercio Ecuatoriano Canadiense Quito<\/h3><div class='special-heading-border'><div class='special-heading-inner-border' ><\/div><\/div><\/div><\/div><div class=\"flex_column av_one_third  flex_column_div av-zero-column-padding   avia-builder-el-41  el_after_av_one_third  el_before_av_one_third\" style='border-radius:0px; '><div class='avia-image-container avia_animated_image avia_animate_when_almost_visible left-to-right av-styling-    avia-builder-el-42  el_before_av_heading  avia-builder-el-first   avia-align-center'  itemprop=\"image\" itemscope=\"itemscope\" itemtype=\"https:\/\/schema.org\/ImageObject\"  ><div class='avia-image-container-inner'><div class='avia-image-overlay-wrap'><a href='http:\/\/ccec.com.ec\/en\/2023\/07\/11\/desayuno-conversatorio-acuerdo-comercial-ecuador-canada\/' class='avia_image'  ><img class='avia_image' src='https:\/\/ccec.com.ec\/wp-content\/uploads\/2023\/07\/IMG_7866-scaled-e1689616649769-300x173.jpg' alt='' title=''  itemprop=\"thumbnailUrl\"  \/><\/a><\/div><\/div><\/div><br \/>\n<div style='padding-bottom:10px; ' class='av-special-heading av-special-heading-h4    avia-builder-el-43  el_after_av_image  avia-builder-el-last'><h4 class='av-special-heading-tag'  itemprop=\"headline\"  >Desayuno conversatorio \u00abAcuerdo comercial Ecuador &#8211; Canad\u00e1\u00bb<\/h4><div class='special-heading-border'><div class='special-heading-inner-border' ><\/div><\/div><\/div><\/div><div class=\"flex_column av_one_third  flex_column_div av-zero-column-padding first  avia-builder-el-44  el_after_av_one_third  el_before_av_one_third  column-top-margin\" style='border-radius:0px; '><div class='avia-image-container avia_animated_image avia_animate_when_almost_visible left-to-right av-styling-    avia-builder-el-45  el_before_av_heading  avia-builder-el-first   avia-align-center'  itemprop=\"image\" itemscope=\"itemscope\" itemtype=\"https:\/\/schema.org\/ImageObject\"  ><div class='avia-image-container-inner'><div class='avia-image-overlay-wrap'><a href='https:\/\/ccec.com.ec\/en\/2023\/06\/05\/inauguracion-de-las-nuevas-oficinas-del-centro-de-negocios\/' class='avia_image'  ><img class='avia_image' src='https:\/\/ccec.com.ec\/wp-content\/uploads\/2023\/06\/Todos-1.png' alt='' title=''  itemprop=\"thumbnailUrl\"  \/><\/a><\/div><\/div><\/div><br \/>\n<div style='padding-bottom:10px; ' class='av-special-heading av-special-heading-h4    avia-builder-el-46  el_after_av_image  avia-builder-el-last'><h4 class='av-special-heading-tag'  itemprop=\"headline\"  >C\u00e1mara de Comercio Ecuatoriano Canadiense Quito inaugura su Centro de Negocios<\/h4><div class='special-heading-border'><div class='special-heading-inner-border' ><\/div><\/div><\/div><\/div><div class=\"flex_column av_one_third  flex_column_div av-zero-column-padding   avia-builder-el-47  el_after_av_one_third  el_before_av_heading  column-top-margin\" style='border-radius:0px; '><div class='avia-image-container avia_animated_image avia_animate_when_almost_visible left-to-right av-styling-    avia-builder-el-48  el_before_av_heading  avia-builder-el-first   avia-align-center'  itemprop=\"image\" itemscope=\"itemscope\" itemtype=\"https:\/\/schema.org\/ImageObject\"  ><div class='avia-image-container-inner'><div class='avia-image-overlay-wrap'><a href='https:\/\/ccec.com.ec\/en\/2023\/01\/16\/educando-para-el-futuro-bienestar-socioemocional-para-el-aprendizaje\/' class='avia_image'  ><img class='avia_image' src='https:\/\/ccec.com.ec\/wp-content\/uploads\/2023\/01\/Arte-Edu-Futuro-1.jpg' alt='' title=''  itemprop=\"thumbnailUrl\"  \/><\/a><\/div><\/div><\/div><br \/>\n<div style='padding-bottom:10px; ' class='av-special-heading av-special-heading-h4    avia-builder-el-49  el_after_av_image  avia-builder-el-last'><h4 class='av-special-heading-tag'  itemprop=\"headline\"  >Educando para el futuro \u2013 Bienestar socioemocional para el aprendizaje<\/h4><div class='special-heading-border'><div class='special-heading-inner-border' ><\/div><\/div><\/div><\/div><div style='padding-bottom:10px; ' class='av-special-heading av-special-heading-h2    avia-builder-el-50  el_after_av_one_third  el_before_av_one_third'><h2 class='av-special-heading-tag'  itemprop=\"headline\"  >2022<\/h2><div class='special-heading-border'><div class='special-heading-inner-border' ><\/div><\/div><\/div>\n<div class=\"flex_column av_one_third  flex_column_div av-zero-column-padding first  avia-builder-el-51  el_after_av_heading  el_before_av_heading\" style='border-radius:0px; '><div class='avia-image-container avia_animated_image avia_animate_when_almost_visible left-to-right av-styling-    avia-builder-el-52  el_before_av_heading  avia-builder-el-first   avia-align-center'  itemprop=\"image\" itemscope=\"itemscope\" itemtype=\"https:\/\/schema.org\/ImageObject\"  ><div class='avia-image-container-inner'><div class='avia-image-overlay-wrap'><a href='https:\/\/ccec.com.ec\/en\/2023\/01\/16\/thanksgiving-cocktail-2022-bienvenida-embajador-stephen-potter\/' class='avia_image'  ><img class='avia_image' src='https:\/\/ccec.com.ec\/wp-content\/uploads\/2023\/01\/Thanksgiving-Cocktail..-1.png' alt='' title=''  itemprop=\"thumbnailUrl\"  \/><\/a><\/div><\/div><\/div><br \/>\n<div style='padding-bottom:10px; ' class='av-special-heading av-special-heading-h4    avia-builder-el-53  el_after_av_image  avia-builder-el-last'><h4 class='av-special-heading-tag'  itemprop=\"headline\"  >Thanksgiving Cocktail 2022 \u2013 Bienvenida Embajador Stephen Potter<\/h4><div class='special-heading-border'><div class='special-heading-inner-border' ><\/div><\/div><\/div><\/div><div style='padding-bottom:10px; ' class='av-special-heading av-special-heading-h2    avia-builder-el-54  el_after_av_one_third  el_before_av_one_third'><h2 class='av-special-heading-tag'  itemprop=\"headline\"  >2021<\/h2><div class='special-heading-border'><div class='special-heading-inner-border' ><\/div><\/div><\/div>\n<div class=\"flex_column av_one_third  flex_column_div av-zero-column-padding first  avia-builder-el-55  el_after_av_heading  el_before_av_one_third\" style='border-radius:0px; '><div class='avia-image-container avia_animated_image avia_animate_when_almost_visible left-to-right av-styling-    avia-builder-el-56  el_before_av_heading  avia-builder-el-first   avia-align-center'  itemprop=\"image\" itemscope=\"itemscope\" itemtype=\"https:\/\/schema.org\/ImageObject\"  ><div class='avia-image-container-inner'><div class='avia-image-overlay-wrap'><a href='http:\/\/ccec.com.ec\/en\/2021\/06\/03\/te-invitamos-a-celebrar-el-dia-de-canada-en-la-primera-edicion-de-alumni-talks\/' class='avia_image'  ><img class='avia_image' src='https:\/\/ccec.com.ec\/wp-content\/uploads\/2021\/06\/POST-GENERAL-5_ok.jpg' alt='' title=''  itemprop=\"thumbnailUrl\"  \/><\/a><\/div><\/div><\/div><br \/>\n<div style='padding-bottom:10px; ' class='av-special-heading av-special-heading-h4    avia-builder-el-57  el_after_av_image  avia-builder-el-last'><h4 class='av-special-heading-tag'  itemprop=\"headline\"  >Te invitamos a Celebrar el D\u00eda de Canad\u00e1 en la Primera Edici\u00f3n de \u00abAlumni Talks\u00bb<\/h4><div class='special-heading-border'><div class='special-heading-inner-border' ><\/div><\/div><\/div><\/div><div class=\"flex_column av_one_third  flex_column_div av-zero-column-padding   avia-builder-el-58  el_after_av_one_third  el_before_av_heading\" style='border-radius:0px; '><div class='avia-image-container avia_animated_image avia_animate_when_almost_visible left-to-right av-styling-    avia-builder-el-59  el_before_av_heading  avia-builder-el-first   avia-align-center'  itemprop=\"image\" itemscope=\"itemscope\" itemtype=\"https:\/\/schema.org\/ImageObject\"  ><div class='avia-image-container-inner'><div class='avia-image-overlay-wrap'><a href='http:\/\/ccec.com.ec\/en\/2021\/03\/19\/conversatorio-reformas-ley-de-companias\/' class='avia_image'  ><img class='avia_image' src='https:\/\/ccec.com.ec\/wp-content\/uploads\/2021\/03\/invitacio\u0301n.reformas.compan\u0303ias.jpg' alt='' title=''  itemprop=\"thumbnailUrl\"  \/><\/a><\/div><\/div><\/div><br \/>\n<div style='padding-bottom:10px; ' class='av-special-heading av-special-heading-h4    avia-builder-el-60  el_after_av_image  avia-builder-el-last'><h4 class='av-special-heading-tag'  itemprop=\"headline\"  >Conversatorio Reformas Ley de compa\u00f1\u00edas<\/h4><div class='special-heading-border'><div class='special-heading-inner-border' ><\/div><\/div><\/div><\/div><div style='padding-bottom:10px; ' class='av-special-heading av-special-heading-h2    avia-builder-el-61  el_after_av_one_third  el_before_av_one_third'><h2 class='av-special-heading-tag'  itemprop=\"headline\"  >2020<\/h2><div class='special-heading-border'><div class='special-heading-inner-border' ><\/div><\/div><\/div>\n<div class=\"flex_column av_one_third  flex_column_div av-zero-column-padding first  avia-builder-el-62  el_after_av_heading  el_before_av_one_third\" style='border-radius:0px; '><div class='avia-image-container avia_animated_image avia_animate_when_almost_visible left-to-right av-styling-    avia-builder-el-63  el_before_av_heading  avia-builder-el-first   avia-align-center'  itemprop=\"image\" itemscope=\"itemscope\" itemtype=\"https:\/\/schema.org\/ImageObject\"  ><div class='avia-image-container-inner'><div class='avia-image-overlay-wrap'><a href='http:\/\/ccec.com.ec\/en\/2020\/08\/03\/el-concurso-preventivo-y-la-negocacion-alternativas-en-tiempos-de-crisis\/' class='avia_image'  ><img class='avia_image' src='https:\/\/ccec.com.ec\/wp-content\/uploads\/2020\/08\/INVITACI\u00d3N.jpg' alt='' title=''  itemprop=\"thumbnailUrl\"  \/><\/a><\/div><\/div><\/div><br \/>\n<div style='padding-bottom:10px; ' class='av-special-heading av-special-heading-h4    avia-builder-el-64  el_after_av_image  avia-builder-el-last'><h4 class='av-special-heading-tag'  itemprop=\"headline\"  >El Concurso Preventivo y la Negociaci\u00f3n: Alternativas en tiempos de crisis<\/h4><div class='special-heading-border'><div class='special-heading-inner-border' ><\/div><\/div><\/div><\/div><div class=\"flex_column av_one_third  flex_column_div av-zero-column-padding   avia-builder-el-65  el_after_av_one_third  el_before_av_one_third\" style='border-radius:0px; '><div class='avia-image-container avia_animated_image avia_animate_when_almost_visible left-to-right av-styling-    avia-builder-el-66  el_before_av_heading  avia-builder-el-first   avia-align-center'  itemprop=\"image\" itemscope=\"itemscope\" itemtype=\"https:\/\/schema.org\/ImageObject\"  ><div class='avia-image-container-inner'><div class='avia-image-overlay-wrap'><a href='http:\/\/ccec.com.ec\/en\/2020\/08\/03\/emprendiendo-en-ecuador-nuevo-regimen-juridico\/' class='avia_image'  ><img class='avia_image' src='https:\/\/ccec.com.ec\/wp-content\/uploads\/2020\/08\/CCEC-Lexim-invitaci\u00f3n-final.png' alt='' title=''  itemprop=\"thumbnailUrl\"  \/><\/a><\/div><\/div><\/div><br \/>\n<div style='padding-bottom:10px; ' class='av-special-heading av-special-heading-h4    avia-builder-el-67  el_after_av_image  avia-builder-el-last'><h4 class='av-special-heading-tag'  itemprop=\"headline\"  >Emprendiendo en Ecuador: Nuevo R\u00e9gimen Jur\u00eddico<\/h4><div class='special-heading-border'><div class='special-heading-inner-border' ><\/div><\/div><\/div><\/div><div class=\"flex_column av_one_third  flex_column_div av-zero-column-padding   avia-builder-el-68  el_after_av_one_third  el_before_av_one_third\" style='border-radius:0px; '><div class='avia-image-container avia_animated_image avia_animate_when_almost_visible left-to-right av-styling-    avia-builder-el-69  el_before_av_heading  avia-builder-el-first   avia-align-center'  itemprop=\"image\" itemscope=\"itemscope\" itemtype=\"https:\/\/schema.org\/ImageObject\"  ><div class='avia-image-container-inner'><div class='avia-image-overlay-wrap'><a href='http:\/\/ccec.com.ec\/en\/2020\/05\/24\/webinar-que-nos-espera-en-el-campo-laboral-con-la-ley-de-apoyo-humanitario\/' class='avia_image'  ><img class='avia_image' src='https:\/\/ccec.com.ec\/wp-content\/uploads\/2020\/05\/invitacio\u0301n.\u00bfque\u0301.nos_.espera.en_.el_.campo_.laboral.con_.la_.ley_.de_.apoyo_.humanitario-.jpg' alt='' title=''  itemprop=\"thumbnailUrl\"  \/><\/a><\/div><\/div><\/div><br \/>\n<div style='padding-bottom:10px; ' class='av-special-heading av-special-heading-h4    avia-builder-el-70  el_after_av_image  avia-builder-el-last'><h4 class='av-special-heading-tag'  itemprop=\"headline\"  >Webinar: \u00bfQu\u00e9 nos espera en el campo laboral con la Ley de Apoyo Humanitario?<\/h4><div class='special-heading-border'><div class='special-heading-inner-border' ><\/div><\/div><\/div><\/div><div class=\"flex_column av_one_third  flex_column_div av-zero-column-padding first  avia-builder-el-71  el_after_av_one_third  el_before_av_one_third  column-top-margin\" style='border-radius:0px; '><div class='avia-image-container avia_animated_image avia_animate_when_almost_visible left-to-right av-styling-    avia-builder-el-72  el_before_av_heading  avia-builder-el-first   avia-align-center'  itemprop=\"image\" itemscope=\"itemscope\" itemtype=\"https:\/\/schema.org\/ImageObject\"  ><div class='avia-image-container-inner'><div class='avia-image-overlay-wrap'><a href='http:\/\/ccec.com.ec\/en\/2020\/05\/13\/webinar-la-mineria-y-el-petroleo-como-fuente-de-ingresos-y-empleo-para-hacer-frente-a-la-crisis-economica\/' class='avia_image'  ><img class='avia_image' src='https:\/\/ccec.com.ec\/wp-content\/uploads\/2020\/05\/WEBINAR-arte.jpg' alt='' title=''  itemprop=\"thumbnailUrl\"  \/><\/a><\/div><\/div><\/div><br \/>\n<div style='padding-bottom:10px; ' class='av-special-heading av-special-heading-h4    avia-builder-el-73  el_after_av_image  avia-builder-el-last'><h4 class='av-special-heading-tag'  itemprop=\"headline\"  >Webinar: La Miner\u00eda y el Petr\u00f3leo como fuente de ingresos y empleo para hacer frente a la crisis econ\u00f3mica<\/h4><div class='special-heading-border'><div class='special-heading-inner-border' ><\/div><\/div><\/div><\/div><div class=\"flex_column av_one_third  flex_column_div av-zero-column-padding   avia-builder-el-74  el_after_av_one_third  el_before_av_one_third  column-top-margin\" style='border-radius:0px; '><div class='avia-image-container avia_animated_image avia_animate_when_almost_visible left-to-right av-styling-    avia-builder-el-75  el_before_av_heading  avia-builder-el-first   avia-align-center'  itemprop=\"image\" itemscope=\"itemscope\" itemtype=\"https:\/\/schema.org\/ImageObject\"  ><div class='avia-image-container-inner'><div class='avia-image-overlay-wrap'><a href='http:\/\/ccec.com.ec\/en\/2020\/03\/20\/educando-para-el-futuro-segunda-edicion\/' class='avia_image'  ><img class='avia_image' src='https:\/\/ccec.com.ec\/wp-content\/uploads\/2020\/03\/edu.jpg' alt='' title=''  itemprop=\"thumbnailUrl\"  \/><\/a><\/div><\/div><\/div><br \/>\n<div style='padding-bottom:10px; ' class='av-special-heading av-special-heading-h4    avia-builder-el-76  el_after_av_image  avia-builder-el-last'><h4 class='av-special-heading-tag'  itemprop=\"headline\"  >Educando para el Futuro, Segunda Edici\u00f3n<\/h4><div class='special-heading-border'><div class='special-heading-inner-border' ><\/div><\/div><\/div><\/div><div class=\"flex_column av_one_third  flex_column_div av-zero-column-padding   avia-builder-el-77  el_after_av_one_third  el_before_av_heading  column-top-margin\" style='border-radius:0px; '><div class='avia-image-container avia_animated_image avia_animate_when_almost_visible left-to-right av-styling-    avia-builder-el-78  el_before_av_heading  avia-builder-el-first   avia-align-center'  itemprop=\"image\" itemscope=\"itemscope\" itemtype=\"https:\/\/schema.org\/ImageObject\"  ><div class='avia-image-container-inner'><div class='avia-image-overlay-wrap'><a href='http:\/\/ccec.com.ec\/en\/2020\/02\/03\/reunion-de-ex-alumnos-de-canada\/' class='avia_image'  ><img class='avia_image' src='https:\/\/ccec.com.ec\/wp-content\/uploads\/2020\/02\/e1694dae-baf9-49c6-8e0d-12250ec2dd39.jpg' alt='' title=''  itemprop=\"thumbnailUrl\"  \/><\/a><\/div><\/div><\/div><br \/>\n<div style='padding-bottom:10px; ' class='av-special-heading av-special-heading-h4    avia-builder-el-79  el_after_av_image  avia-builder-el-last'><h4 class='av-special-heading-tag'  itemprop=\"headline\"  >Reuni\u00f3n de Ex-Alumnos de Canad\u00e1<\/h4><div class='special-heading-border'><div class='special-heading-inner-border' ><\/div><\/div><\/div><\/div><div style='padding-bottom:10px; ' class='av-special-heading av-special-heading-h2    avia-builder-el-80  el_after_av_one_third  el_before_av_one_third'><h2 class='av-special-heading-tag'  itemprop=\"headline\"  >2019<\/h2><div class='special-heading-border'><div class='special-heading-inner-border' ><\/div><\/div><\/div>\n<div class=\"flex_column av_one_third  flex_column_div av-zero-column-padding first  avia-builder-el-81  el_after_av_heading  el_before_av_one_third\" style='border-radius:0px; '><div class='avia-image-container avia_animated_image avia_animate_when_almost_visible left-to-right av-styling-    avia-builder-el-82  el_before_av_heading  avia-builder-el-first   avia-align-center'  itemprop=\"image\" itemscope=\"itemscope\" itemtype=\"https:\/\/schema.org\/ImageObject\"  ><div class='avia-image-container-inner'><div class='avia-image-overlay-wrap'><a href='http:\/\/ccec.com.ec\/en\/2019\/12\/26\/festejo-navideno-escuela-canada\/' class='avia_image'  ><img class='avia_image' src='https:\/\/ccec.com.ec\/wp-content\/uploads\/2019\/12\/20191218_104516.jpg' alt='' title=''  itemprop=\"thumbnailUrl\"  \/><\/a><\/div><\/div><\/div><br \/>\n<div style='padding-bottom:10px; ' class='av-special-heading av-special-heading-h4    avia-builder-el-83  el_after_av_image  avia-builder-el-last'><h4 class='av-special-heading-tag'  itemprop=\"headline\"  >Festejo navide\u00f1o Escuela Canad\u00e1<\/h4><div class='special-heading-border'><div class='special-heading-inner-border' ><\/div><\/div><\/div><\/div><div class=\"flex_column av_one_third  flex_column_div av-zero-column-padding   avia-builder-el-84  el_after_av_one_third  el_before_av_one_third\" style='border-radius:0px; '><div class='avia-image-container avia_animated_image avia_animate_when_almost_visible left-to-right av-styling-    avia-builder-el-85  el_before_av_heading  avia-builder-el-first   avia-align-center'  itemprop=\"image\" itemscope=\"itemscope\" itemtype=\"https:\/\/schema.org\/ImageObject\"  ><div class='avia-image-container-inner'><div class='avia-image-overlay-wrap'><a href='http:\/\/ccec.com.ec\/en\/2019\/10\/03\/thanksgiving-dinner-2019\/' class='avia_image'  ><img class='avia_image' src='https:\/\/ccec.com.ec\/wp-content\/uploads\/2019\/11\/round.png' alt='' title=''  itemprop=\"thumbnailUrl\"  \/><\/a><\/div><\/div><\/div><br \/>\n<div style='padding-bottom:10px; ' class='av-special-heading av-special-heading-h4    avia-builder-el-86  el_after_av_image  avia-builder-el-last'><h4 class='av-special-heading-tag'  itemprop=\"headline\"  >Thanksgiving Dinner 2019<\/h4><div class='special-heading-border'><div class='special-heading-inner-border' ><\/div><\/div><\/div><\/div><div class=\"flex_column av_one_third  flex_column_div av-zero-column-padding   avia-builder-el-87  el_after_av_one_third  el_before_av_one_third\" style='border-radius:0px; '><div class='avia-image-container avia_animated_image avia_animate_when_almost_visible left-to-right av-styling-    avia-builder-el-88  el_before_av_heading  avia-builder-el-first   avia-align-center'  itemprop=\"image\" itemscope=\"itemscope\" itemtype=\"https:\/\/schema.org\/ImageObject\"  ><div class='avia-image-container-inner'><div class='avia-image-overlay-wrap'><a href='http:\/\/ccec.com.ec\/en\/2019\/09\/12\/summit-de-transparencia\/' class='avia_image'  ><img class='avia_image' src='https:\/\/ccec.com.ec\/wp-content\/uploads\/2019\/09\/bannerCONGRESO3-1.jpg' alt='' title=''  itemprop=\"thumbnailUrl\"  \/><\/a><\/div><\/div><\/div><br \/>\n<div style='padding-bottom:10px; ' class='av-special-heading av-special-heading-h4    avia-builder-el-89  el_after_av_image  avia-builder-el-last'><h4 class='av-special-heading-tag'  itemprop=\"headline\"  >Summit de Transparencia<\/h4><div class='special-heading-border'><div class='special-heading-inner-border' ><\/div><\/div><\/div><\/div><div class=\"flex_column av_one_third  flex_column_div av-zero-column-padding first  avia-builder-el-90  el_after_av_one_third  el_before_av_one_third  column-top-margin\" style='border-radius:0px; '><div class='avia-image-container avia_animated_image avia_animate_when_almost_visible left-to-right av-styling-    avia-builder-el-91  el_before_av_heading  avia-builder-el-first   avia-align-center'  itemprop=\"image\" itemscope=\"itemscope\" itemtype=\"https:\/\/schema.org\/ImageObject\"  ><div class='avia-image-container-inner'><div class='avia-image-overlay-wrap'><a href='http:\/\/ccec.com.ec\/en\/2019\/06\/15\/stampede-breakfast\/' class='avia_image'  ><img class='avia_image' src='https:\/\/ccec.com.ec\/wp-content\/uploads\/2019\/06\/DSC_0128.jpg' alt='' title=''  itemprop=\"thumbnailUrl\"  \/><\/a><\/div><\/div><\/div><br \/>\n<div style='padding-bottom:10px; ' class='av-special-heading av-special-heading-h4    avia-builder-el-92  el_after_av_image  avia-builder-el-last'><h4 class='av-special-heading-tag'  itemprop=\"headline\"  >Stampede Breakfast<\/h4><div class='special-heading-border'><div class='special-heading-inner-border' ><\/div><\/div><\/div><\/div><div class=\"flex_column av_one_third  flex_column_div av-zero-column-padding   avia-builder-el-93  el_after_av_one_third  el_before_av_one_third  column-top-margin\" style='border-radius:0px; '><div class='avia-image-container avia_animated_image avia_animate_when_almost_visible left-to-right av-styling-    avia-builder-el-94  el_before_av_heading  avia-builder-el-first   avia-align-center'  itemprop=\"image\" itemscope=\"itemscope\" itemtype=\"https:\/\/schema.org\/ImageObject\"  ><div class='avia-image-container-inner'><div class='avia-image-overlay-wrap'><a href='http:\/\/ccec.com.ec\/en\/2019\/04\/30\/coctel-de-bienvenida-embajadora-de-canada\/' class='avia_image'  ><img class='avia_image' src='https:\/\/ccec.com.ec\/wp-content\/uploads\/2019\/04\/20190430_204114.jpg' alt='' title=''  itemprop=\"thumbnailUrl\"  \/><\/a><\/div><\/div><\/div><br \/>\n<div style='padding-bottom:10px; ' class='av-special-heading av-special-heading-h4    avia-builder-el-95  el_after_av_image  avia-builder-el-last'><h4 class='av-special-heading-tag'  itemprop=\"headline\"  >C\u00f3ctel de Bienvenida Embajadora de Canad\u00e1<\/h4><div class='special-heading-border'><div class='special-heading-inner-border' ><\/div><\/div><\/div><\/div><div class=\"flex_column av_one_third  flex_column_div av-zero-column-padding   avia-builder-el-96  el_after_av_one_third  el_before_av_one_third  column-top-margin\" style='border-radius:0px; '><div class='avia-image-container avia_animated_image avia_animate_when_almost_visible left-to-right av-styling-    avia-builder-el-97  el_before_av_heading  avia-builder-el-first   avia-align-center'  itemprop=\"image\" itemscope=\"itemscope\" itemtype=\"https:\/\/schema.org\/ImageObject\"  ><div class='avia-image-container-inner'><div class='avia-image-overlay-wrap'><a href='http:\/\/ccec.com.ec\/en\/2019\/03\/27\/asamblea-general-ordinaria\/' class='avia_image'  ><img class='avia_image' src='https:\/\/ccec.com.ec\/wp-content\/uploads\/2019\/04\/ag3.jpg' alt='' title=''  itemprop=\"thumbnailUrl\"  \/><\/a><\/div><\/div><\/div><br \/>\n<div style='padding-bottom:10px; ' class='av-special-heading av-special-heading-h4    avia-builder-el-98  el_after_av_image  avia-builder-el-last'><h4 class='av-special-heading-tag'  itemprop=\"headline\"  >Asamblea General Ordinaria<\/h4><div class='special-heading-border'><div class='special-heading-inner-border' ><\/div><\/div><\/div><\/div><div class=\"flex_column av_one_third  flex_column_div av-zero-column-padding first  avia-builder-el-99  el_after_av_one_third  el_before_av_heading  column-top-margin\" style='border-radius:0px; '><div class='avia-image-container avia_animated_image avia_animate_when_almost_visible left-to-right av-styling-    avia-builder-el-100  el_before_av_heading  avia-builder-el-first   avia-align-center'  itemprop=\"image\" itemscope=\"itemscope\" itemtype=\"https:\/\/schema.org\/ImageObject\"  ><div class='avia-image-container-inner'><div class='avia-image-overlay-wrap'><a href='http:\/\/ccec.com.ec\/en\/2019\/03\/10\/a-nice-post\/' class='avia_image'  ><img class='avia_image' src='https:\/\/ccec.com.ec\/wp-content\/uploads\/2019\/04\/WhatsApp-Image-2019-04-14-at-18.51.23-1.jpeg' alt='' title=''  itemprop=\"thumbnailUrl\"  \/><\/a><\/div><\/div><\/div><br \/>\n<div style='padding-bottom:10px; ' class='av-special-heading av-special-heading-h4    avia-builder-el-101  el_after_av_image  avia-builder-el-last'><h4 class='av-special-heading-tag'  itemprop=\"headline\"  >Taller de Impuestos diferidos y cierre fiscal<\/h4><div class='special-heading-border'><div class='special-heading-inner-border' ><\/div><\/div><\/div><\/div><div style='padding-bottom:10px; ' class='av-special-heading av-special-heading-h2    avia-builder-el-102  el_after_av_one_third  el_before_av_one_third'><h2 class='av-special-heading-tag'  itemprop=\"headline\"  >2018<\/h2><div class='special-heading-border'><div class='special-heading-inner-border' ><\/div><\/div><\/div>\n<div class=\"flex_column av_one_third  flex_column_div av-zero-column-padding first  avia-builder-el-103  el_after_av_heading  el_before_av_one_third\" style='border-radius:0px; '><div class='avia-image-container avia_animated_image avia_animate_when_almost_visible left-to-right av-styling-    avia-builder-el-104  el_before_av_heading  avia-builder-el-first   avia-align-center'  itemprop=\"image\" itemscope=\"itemscope\" itemtype=\"https:\/\/schema.org\/ImageObject\"  ><div class='avia-image-container-inner'><div class='avia-image-overlay-wrap'><a href='http:\/\/ccec.com.ec\/en\/2018\/12\/26\/festejo-navideno-escuela-de-canada\/' class='avia_image'  ><img class='avia_image' src='https:\/\/ccec.com.ec\/wp-content\/uploads\/2019\/04\/ecc1.jpg' alt='' title=''  itemprop=\"thumbnailUrl\"  \/><\/a><\/div><\/div><\/div><br \/>\n<div style='padding-bottom:10px; ' class='av-special-heading av-special-heading-h4    avia-builder-el-105  el_after_av_image  avia-builder-el-last'><h4 class='av-special-heading-tag'  itemprop=\"headline\"  >Festejo Navide\u00f1o Escuela de Canad\u00e1<\/h4><div class='special-heading-border'><div class='special-heading-inner-border' ><\/div><\/div><\/div><\/div><div class=\"flex_column av_one_third  flex_column_div av-zero-column-padding   avia-builder-el-106  el_after_av_one_third  el_before_av_one_third\" style='border-radius:0px; '><div class='avia-image-container avia_animated_image avia_animate_when_almost_visible left-to-right av-styling-    avia-builder-el-107  el_before_av_heading  avia-builder-el-first   avia-align-center'  itemprop=\"image\" itemscope=\"itemscope\" itemtype=\"https:\/\/schema.org\/ImageObject\"  ><div class='avia-image-container-inner'><div class='avia-image-overlay-wrap'><a href='http:\/\/ccec.com.ec\/en\/2018\/10\/26\/educando-para-el-futuro\/' class='avia_image'  ><img class='avia_image' src='https:\/\/ccec.com.ec\/wp-content\/uploads\/2019\/04\/edf-3.jpg' alt='' title=''  itemprop=\"thumbnailUrl\"  \/><\/a><\/div><\/div><\/div><br \/>\n<div style='padding-bottom:10px; ' class='av-special-heading av-special-heading-h4    avia-builder-el-108  el_after_av_image  avia-builder-el-last'><h4 class='av-special-heading-tag'  itemprop=\"headline\"  >Educando para el futuro<\/h4><div class='special-heading-border'><div class='special-heading-inner-border' ><\/div><\/div><\/div><\/div><div class=\"flex_column av_one_third  flex_column_div av-zero-column-padding   avia-builder-el-109  el_after_av_one_third  el_before_av_one_third\" style='border-radius:0px; '><div class='avia-image-container avia_animated_image avia_animate_when_almost_visible left-to-right av-styling-    avia-builder-el-110  el_before_av_heading  avia-builder-el-first   avia-align-center'  itemprop=\"image\" itemscope=\"itemscope\" itemtype=\"https:\/\/schema.org\/ImageObject\"  ><div class='avia-image-container-inner'><div class='avia-image-overlay-wrap'><a href='http:\/\/ccec.com.ec\/en\/2018\/09\/26\/torneo-de-golf-copa-quiport\/' class='avia_image'  ><img class='avia_image' src='https:\/\/ccec.com.ec\/wp-content\/uploads\/2019\/04\/copa-1.jpg' alt='' title=''  itemprop=\"thumbnailUrl\"  \/><\/a><\/div><\/div><\/div><br \/>\n<div style='padding-bottom:10px; ' class='av-special-heading av-special-heading-h4    avia-builder-el-111  el_after_av_image  avia-builder-el-last'><h4 class='av-special-heading-tag'  itemprop=\"headline\"  >Torneo de Golf Copa Quiport<\/h4><div class='special-heading-border'><div class='special-heading-inner-border' ><\/div><\/div><\/div><\/div><div class=\"flex_column av_one_third  flex_column_div av-zero-column-padding first  avia-builder-el-112  el_after_av_one_third  el_before_av_one_third  column-top-margin\" style='border-radius:0px; '><div class='avia-image-container avia_animated_image avia_animate_when_almost_visible left-to-right av-styling-    avia-builder-el-113  el_before_av_heading  avia-builder-el-first   avia-align-center'  itemprop=\"image\" itemscope=\"itemscope\" itemtype=\"https:\/\/schema.org\/ImageObject\"  ><div class='avia-image-container-inner'><div class='avia-image-overlay-wrap'><a href='http:\/\/ccec.com.ec\/en\/2018\/09\/26\/torneo-de-golf-copa-quiport\/' class='avia_image'  ><img class='avia_image' src='https:\/\/ccec.com.ec\/wp-content\/uploads\/2019\/04\/copa-1.jpg' alt='' title=''  itemprop=\"thumbnailUrl\"  \/><\/a><\/div><\/div><\/div><br \/>\n<div style='padding-bottom:10px; ' class='av-special-heading av-special-heading-h4    avia-builder-el-114  el_after_av_image  avia-builder-el-last'><h4 class='av-special-heading-tag'  itemprop=\"headline\"  >Torneo de Golf Copa Quiport<\/h4><div class='special-heading-border'><div class='special-heading-inner-border' ><\/div><\/div><\/div><\/div><div class=\"flex_column av_one_third  flex_column_div av-zero-column-padding   avia-builder-el-115  el_after_av_one_third  el_before_av_one_third  column-top-margin\" style='border-radius:0px; '><div class='avia-image-container avia_animated_image avia_animate_when_almost_visible left-to-right av-styling-    avia-builder-el-116  el_before_av_heading  avia-builder-el-first   avia-align-center'  itemprop=\"image\" itemscope=\"itemscope\" itemtype=\"https:\/\/schema.org\/ImageObject\"  ><div class='avia-image-container-inner'><div class='avia-image-overlay-wrap'><a href='http:\/\/ccec.com.ec\/en\/2018\/06\/01\/equidad-de-genero\/' class='avia_image'  ><img class='avia_image' src='https:\/\/ccec.com.ec\/wp-content\/uploads\/2019\/04\/taller-equidad-de-g\u00e9nero.jpg' alt='' title=''  itemprop=\"thumbnailUrl\"  \/><\/a><\/div><\/div><\/div><br \/>\n<div style='padding-bottom:10px; ' class='av-special-heading av-special-heading-h4    avia-builder-el-117  el_after_av_image  avia-builder-el-last'><h4 class='av-special-heading-tag'  itemprop=\"headline\"  >Equidad de G\u00e9nero<\/h4><div class='special-heading-border'><div class='special-heading-inner-border' ><\/div><\/div><\/div><\/div><div class=\"flex_column av_one_third  flex_column_div av-zero-column-padding   avia-builder-el-118  el_after_av_one_third  el_before_av_one_third  column-top-margin\" style='border-radius:0px; '><div class='avia-image-container avia_animated_image avia_animate_when_almost_visible left-to-right av-styling-    avia-builder-el-119  el_before_av_heading  avia-builder-el-first   avia-align-center'  itemprop=\"image\" itemscope=\"itemscope\" itemtype=\"https:\/\/schema.org\/ImageObject\"  ><div class='avia-image-container-inner'><div class='avia-image-overlay-wrap'><a href='http:\/\/ccec.com.ec\/en\/2018\/06\/01\/taller-de-servicio-al-cliente\/' class='avia_image'  ><img class='avia_image' src='https:\/\/ccec.com.ec\/wp-content\/uploads\/2019\/04\/taller-servicio-al-cliente.jpg' alt='' title=''  itemprop=\"thumbnailUrl\"  \/><\/a><\/div><\/div><\/div><br \/>\n<div style='padding-bottom:10px; ' class='av-special-heading av-special-heading-h4    avia-builder-el-120  el_after_av_image  avia-builder-el-last'><h4 class='av-special-heading-tag'  itemprop=\"headline\"  >Taller de Servicio al Cliente<\/h4><div class='special-heading-border'><div class='special-heading-inner-border' ><\/div><\/div><\/div><\/div><div class=\"flex_column av_one_third  flex_column_div av-zero-column-padding first  avia-builder-el-121  el_after_av_one_third  el_before_av_one_third  column-top-margin\" style='border-radius:0px; '><div class='avia-image-container avia_animated_image avia_animate_when_almost_visible left-to-right av-styling-    avia-builder-el-122  el_before_av_heading  avia-builder-el-first   avia-align-center'  itemprop=\"image\" itemscope=\"itemscope\" itemtype=\"https:\/\/schema.org\/ImageObject\"  ><div class='avia-image-container-inner'><div class='avia-image-overlay-wrap'><a href='http:\/\/ccec.com.ec\/en\/2018\/05\/01\/sistema-b\/' class='avia_image'  ><img class='avia_image' src='https:\/\/ccec.com.ec\/wp-content\/uploads\/2019\/04\/sistema-B.jpg' alt='' title=''  itemprop=\"thumbnailUrl\"  \/><\/a><\/div><\/div><\/div><br \/>\n<div style='padding-bottom:10px; ' class='av-special-heading av-special-heading-h4    avia-builder-el-123  el_after_av_image  avia-builder-el-last'><h4 class='av-special-heading-tag'  itemprop=\"headline\"  >Conversatorio B<\/h4><div class='special-heading-border'><div class='special-heading-inner-border' ><\/div><\/div><\/div><\/div><div class=\"flex_column av_one_third  flex_column_div av-zero-column-padding   avia-builder-el-124  el_after_av_one_third  el_before_av_one_third  column-top-margin\" style='border-radius:0px; '><div class='avia-image-container avia_animated_image avia_animate_when_almost_visible left-to-right av-styling-    avia-builder-el-125  el_before_av_heading  avia-builder-el-first   avia-align-center'  itemprop=\"image\" itemscope=\"itemscope\" itemtype=\"https:\/\/schema.org\/ImageObject\"  ><div class='avia-image-container-inner'><div class='avia-image-overlay-wrap'><a href='http:\/\/ccec.com.ec\/en\/2018\/05\/01\/futuro-de-las-inversiones-en-ecuador\/' class='avia_image'  ><img class='avia_image' src='https:\/\/ccec.com.ec\/wp-content\/uploads\/2019\/04\/futuro-de-la-inversi\u00f3n.jpg' alt='' title=''  itemprop=\"thumbnailUrl\"  \/><\/a><\/div><\/div><\/div><br \/>\n<div style='padding-bottom:10px; ' class='av-special-heading av-special-heading-h4    avia-builder-el-126  el_after_av_image  avia-builder-el-last'><h4 class='av-special-heading-tag'  itemprop=\"headline\"  >Futuro de las Inversiones en Ecuador<\/h4><div class='special-heading-border'><div class='special-heading-inner-border' ><\/div><\/div><\/div><\/div><div class=\"flex_column av_one_third  flex_column_div av-zero-column-padding   avia-builder-el-127  el_after_av_one_third  el_before_av_one_third  column-top-margin\" style='border-radius:0px; '><div class='avia-image-container avia_animated_image avia_animate_when_almost_visible left-to-right av-styling-    avia-builder-el-128  el_before_av_heading  avia-builder-el-first   avia-align-center'  itemprop=\"image\" itemscope=\"itemscope\" itemtype=\"https:\/\/schema.org\/ImageObject\"  ><div class='avia-image-container-inner'><div class='avia-image-overlay-wrap'><a href='http:\/\/ccec.com.ec\/en\/2018\/05\/01\/guia-practica-asistente-administrativa\/' class='avia_image'  ><img class='avia_image' src='https:\/\/ccec.com.ec\/wp-content\/uploads\/2019\/04\/asistente-administrativa.jpg' alt='' title=''  itemprop=\"thumbnailUrl\"  \/><\/a><\/div><\/div><\/div><br \/>\n<div style='padding-bottom:10px; ' class='av-special-heading av-special-heading-h4    avia-builder-el-129  el_after_av_image  avia-builder-el-last'><h4 class='av-special-heading-tag'  itemprop=\"headline\"  >Gu\u00eda Pr\u00e1ctica Asistente Administrativa<\/h4><div class='special-heading-border'><div class='special-heading-inner-border' ><\/div><\/div><\/div><\/div><div class=\"flex_column av_one_third  flex_column_div av-zero-column-padding first  avia-builder-el-130  el_after_av_one_third  avia-builder-el-last  column-top-margin\" style='border-radius:0px; '><div class='avia-image-container avia_animated_image avia_animate_when_almost_visible left-to-right av-styling-    avia-builder-el-131  el_before_av_heading  avia-builder-el-first   avia-align-center'  itemprop=\"image\" itemscope=\"itemscope\" itemtype=\"https:\/\/schema.org\/ImageObject\"  ><div class='avia-image-container-inner'><div class='avia-image-overlay-wrap'><a href='http:\/\/ccec.com.ec\/en\/2018\/04\/01\/seguridad-y-salud-ocupacional\/' class='avia_image'  ><img class='avia_image' src='https:\/\/ccec.com.ec\/wp-content\/uploads\/2019\/04\/Seguridad-y-Salud-Ocupacional.jpg' alt='' title=''  itemprop=\"thumbnailUrl\"  \/><\/a><\/div><\/div><\/div><br \/>\n<div style='padding-bottom:10px; ' class='av-special-heading av-special-heading-h4    avia-builder-el-132  el_after_av_image  avia-builder-el-last'><h4 class='av-special-heading-tag'  itemprop=\"headline\"  >Seguridad y Salud Ocupacional<\/h4><div class='special-heading-border'><div class='special-heading-inner-border' ><\/div><\/div><\/div><\/div><\/div><\/div><\/div><!-- close content main div --><\/div><\/div><div id='after_section_2' class='main_color av_default_container_wrap container_wrap fullsize' style=' '  ><div class='container' ><div class='template-page content  av-content-full alpha units'><div class='post-entry post-entry-type-page post-entry-344'><div class='entry-content-wrapper clearfix'><div class=\"flex_column av_one_third  flex_column_div av-zero-column-padding first  avia-builder-el-133  el_after_av_section  el_before_av_one_third  avia-builder-el-first\" style='border-radius:0px; '><\/div>\n<div class=\"flex_column av_one_third  flex_column_div av-zero-column-padding   avia-builder-el-134  el_after_av_one_third  el_before_av_one_third\" style='border-radius:0px; '><\/div>\n<div class=\"flex_column av_one_third  flex_column_div av-zero-column-padding   avia-builder-el-135  el_after_av_one_third  el_before_av_one_third\" style='border-radius:0px; '><\/div>\n<div class=\"flex_column av_one_third  flex_column_div av-zero-column-padding first  avia-builder-el-136  el_after_av_one_third  el_before_av_one_third  column-top-margin\" style='border-radius:0px; '><\/div>\n<div class=\"flex_column av_one_third  flex_column_div av-zero-column-padding   avia-builder-el-137  el_after_av_one_third  el_before_av_one_third  column-top-margin\" style='border-radius:0px; '><\/div>\n<div class=\"flex_column av_one_third  flex_column_div av-zero-column-padding   avia-builder-el-138  el_after_av_one_third  el_before_av_one_third  column-top-margin\" style='border-radius:0px; '><\/div>\n<div class=\"flex_column av_one_third  flex_column_div av-zero-column-padding first  avia-builder-el-139  el_after_av_one_third  el_before_av_one_third  column-top-margin\" style='border-radius:0px; '><\/div>\n<div class=\"flex_column av_one_third  flex_column_div av-zero-column-padding   avia-builder-el-140  el_after_av_one_third  el_before_av_section  avia-builder-el-last  column-top-margin\" style='border-radius:0px; '><\/div>\n<\/div><\/div><\/div><!-- close content main div --><\/div><\/div><div id='av_section_3' class='avia-section main_color avia-section-default avia-no-border-styling avia-bg-style-scroll  avia-builder-el-141  el_after_av_one_third  avia-builder-el-last   container_wrap fullsize' style=' '  ><div class='container' ><div class='template-page content  av-content-full alpha units'><div class='post-entry post-entry-type-page post-entry-344'><div class='entry-content-wrapper clearfix'>","protected":false},"excerpt":{"rendered":"PreviousNext123456789Thanksgiving Cocktail 2024 El pasado jueves 24 de octubre, la C\u00e1mara de Comercio Ecuatoriano Canadiense con el apoyo de la Embajada de Canad\u00e1 en Ecuador llevaron a cabo el \"Thanksgiving Cocktail\". Este evento tuvo como objetivo fortalecer los v\u00ednculos entre Ecuador y Canad\u00e1, creando un espacio para el di\u00e1logo y el intercambio de ideas en [...]","protected":false},"author":1,"featured_media":0,"parent":0,"menu_order":0,"comment_status":"closed","ping_status":"closed","template":"","meta":{"footnotes":""},"class_list":["post-344","page","type-page","status-publish","hentry"],"_links":{"self":[{"href":"https:\/\/ccec.com.ec\/en\/wp-json\/wp\/v2\/pages\/344","targetHints":{"allow":["GET"]}}],"collection":[{"href":"https:\/\/ccec.com.ec\/en\/wp-json\/wp\/v2\/pages"}],"about":[{"href":"https:\/\/ccec.com.ec\/en\/wp-json\/wp\/v2\/types\/page"}],"author":[{"embeddable":true,"href":"https:\/\/ccec.com.ec\/en\/wp-json\/wp\/v2\/users\/1"}],"replies":[{"embeddable":true,"href":"https:\/\/ccec.com.ec\/en\/wp-json\/wp\/v2\/comments?post=344"}],"version-history":[{"count":77,"href":"https:\/\/ccec.com.ec\/en\/wp-json\/wp\/v2\/pages\/344\/revisions"}],"predecessor-version":[{"id":3284,"href":"https:\/\/ccec.com.ec\/en\/wp-json\/wp\/v2\/pages\/344\/revisions\/3284"}],"wp:attachment":[{"href":"https:\/\/ccec.com.ec\/en\/wp-json\/wp\/v2\/media?parent=344"}],"curies":[{"name":"wp","href":"https:\/\/api.w.org\/{rel}","templated":true}]}}